{"id":9437,"date":"2022-12-21T12:25:08","date_gmt":"2022-12-21T11:25:08","guid":{"rendered":"https:\/\/www.teatroprincipaldealicante.com\/vi-residencia-de-produccion-jose-estruch\/"},"modified":"2025-01-17T09:54:12","modified_gmt":"2025-01-17T08:54:12","slug":"vi-residencia-de-produccion-jose-estruch","status":"publish","type":"page","link":"https:\/\/www.teatroprincipaldealicante.com\/val\/vi-residencia-de-produccion-jose-estruch\/","title":{"rendered":"VIII Resid\u00e8ncia de Producci\u00f3 Jos\u00e9 Estruch"},"content":{"rendered":"\n<p>El Teatre Principal d&#8217;Alacant, amb la finalitat del foment de la producci\u00f3 teatral alacantina, convoca la VIII Resid\u00e8ncia de Producci\u00f3 Teatral Jos\u00e9 Estruch per a companyies de la prov\u00edncia d&#8217;Alacant. El programa consistir\u00e0 en la selecci\u00f3 d&#8217;un projecte teatral que tindr\u00e0 lloc de resid\u00e8ncia al Teatre Principal (Sala N\u00faria Espert) i s&#8217;estrenar\u00e0 al Teatre Principal el setembre de 2025 a la Temporada <strong>TARDOR-HIVERN 2025\/26<\/strong>, dins del Festival Alacant a Escena.<\/p>\n\n\n\n<p>L&#8217;objecte d&#8217;aquesta convocat\u00f2ria regular\u00e0 la presentaci\u00f3 de sol\u00b7licituds i criteris de selecci\u00f3 per participar a la VIII Resid\u00e8ncia de Producci\u00f3 Teatral Jos\u00e9 Estruch segons les bases seg\u00fcents:<\/p>\n\n\n\n<p class=\"has-text-align-center\"><strong>BASES<\/strong><\/p>\n\n\n\n<ul class=\"wp-block-list\">\n<li><strong>PRIMERA<\/strong><\/li>\n<\/ul>\n\n\n\n<p>Podran presentar-se a la convocat\u00f2ria companyies de teatre professional (Societat An\u00f2nima, Societat Limitada, SLU, COOP V., productor aut\u00f2nom, Comunitat de B\u00e9ns o similar) amb domicili fiscal a la prov\u00edncia d&#8217;Alacant.<\/p>\n\n\n\n<ul class=\"wp-block-list\">\n<li><strong>SEGONA<\/strong><\/li>\n<\/ul>\n\n\n\n<p>Almenys el 70% de les persones que participen a l&#8217;equip de producci\u00f3 (equip art\u00edstic, t\u00e8cnic o administratiu) tindran domicili fiscal a la prov\u00edncia d&#8217;Alacant. No comptabilitzaran els prove\u00efdors contractats que no siguin art\u00edstics).<\/p>\n\n\n\n<ul class=\"wp-block-list\">\n<li><strong>TERCERA<\/strong><\/li>\n<\/ul>\n\n\n\n<p>Els projectes seran del g\u00e8nere teatral (no hi participaran obres de m\u00fasica, dansa o circ, tot i que la m\u00fasica, la dansa o el circ podran formar part de l&#8217;esdeveniment teatral).<\/p>\n\n\n\n<ul class=\"wp-block-list\">\n<li><strong>QUARTA<\/strong><\/li>\n<\/ul>\n\n\n\n<p>La funci\u00f3 ser\u00e0 estrena absoluta. En cas que hi hagi preestrena, es notificar\u00e0 a la comissi\u00f3 i aquesta valorar\u00e0 que es realitzi o no.<\/p>\n\n\n\n<ul class=\"wp-block-list\">\n<li><strong>CINQUENA<\/strong><\/li>\n<\/ul>\n\n\n\n<p>Els sol\u00b7licitants hauran de presentar un projecte de producci\u00f3 amb els apartats seg\u00fcents:<\/p>\n\n\n\n<ul class=\"wp-block-list\">\n<li>Dades dels sol\u00b7licitants (s&#8217;adjuntaran en un formulari web la informaci\u00f3 del qual es facilita a la cl\u00e0usula setena).<\/li>\n<\/ul>\n\n\n\n<ul class=\"wp-block-list\">\n<li>Descripci\u00f3 art\u00edstica de la proposta.<\/li>\n<\/ul>\n\n\n\n<ul class=\"wp-block-list\">\n<li>Text dram\u00e0tic (en cas que hi hagi un text acabat o primera versi\u00f3). En el cas que no hi hagi un text acabat, cal argument, dramatis personae, i tota aquella documentaci\u00f3 que ajudi a una comprensi\u00f3 cabal d&#8217;all\u00f2 que conforme la redacci\u00f3 final del text.<\/li>\n<\/ul>\n\n\n\n<ul class=\"wp-block-list\">\n<li>Curriculum vitae dels components de la proposta.<\/li>\n<\/ul>\n\n\n\n<ul class=\"wp-block-list\">\n<li>Hist\u00f2ric de produccions, refer\u00e8ncies de premsa, premis, gires, etc. de l&#8217;entitat productora sol\u00b7licitant.<\/li>\n<\/ul>\n\n\n\n<ul class=\"wp-block-list\">\n<li>Estimaci\u00f3 de pressupost de la producci\u00f3.<\/li>\n<\/ul>\n\n\n\n<ul class=\"wp-block-list\">\n<li>Estimaci\u00f3 de pressupost de mem\u00f2ria cau d&#8217;una funci\u00f3.<\/li>\n<\/ul>\n\n\n\n<ul class=\"wp-block-list\">\n<li>Relaci\u00f3 de peticions d&#8217;ajudes o coproduccions a altres institucions p\u00fabliques si n&#8217;hi hagu\u00e9s.<\/li>\n<\/ul>\n\n\n\n<p><\/p>\n\n\n\n<ul class=\"wp-block-list\">\n<li><strong>SISENA<\/strong><\/li>\n<\/ul>\n\n\n\n<p>Hi haur\u00e0 un comit\u00e8 seleccionador de la proposta final conformat per un t\u00e8cnic municipal de cultura amb experi\u00e8ncia en Arts esc\u00e8niques, un representant del Teatre Principal d&#8217;Alacant i una persona alacantina de reconegut prestigi del m\u00f3n del Teatre. Aquesta comissi\u00f3 valorar\u00e0 les propostes i triar\u00e0 aquella que consideri m\u00e9s convenient segons les valoracions de la cl\u00e0usula. Si es considera necessari, la comissi\u00f3 pot sol\u00b7licitar informaci\u00f3 addicional de les propostes, aix\u00ed com una presentaci\u00f3 formal del projecte. Actuar\u00e0 com a secret\u00e0ria un membre de lAdministraci\u00f3 del Teatre Principal dAlacant. Igualment se seleccionar\u00e0 una proposta amb car\u00e0cter suplent davant de la possibilitat que la proposta seleccionada es retiri per incapacitat d&#8217;estrena.<\/p>\n\n\n\n<ul class=\"wp-block-list\">\n<li><strong>SETENA<\/strong><\/li>\n<\/ul>\n\n\n\n<p>Les propostes s&#8217;enviaran per via telem\u00e0tica emplenant la inscripci\u00f3 mitjan\u00e7ant un formulari en l\u00ednia i adjuntant la documentaci\u00f3 del projecte. Per a qualsevol dubte o consulta estar\u00e0 disponible el correu electr\u00f2nic seg\u00fcent: <strong><a href=\"mailto:residenciaestruch@teatroprincipaldealicante.com\">residenciaestruch@teatroprincipaldealicante.com<\/a><\/strong><\/p>\n\n\n\n<p><strong>Els candidats hauran d&#8217;emplenar el seg\u00fcent formulari per a la seva inscripci\u00f3 i adjuntar el projecte:<\/strong><\/p>\n\n\n\n<div class=\"wp-block-buttons is-layout-flex wp-block-buttons-is-layout-flex\">\n<div class=\"wp-block-button aligncenter\"><a class=\"wp-block-button__link has-background wp-element-button\" href=\"https:\/\/docs.google.com\/forms\/d\/1DvP0tkGb8y9zadSazzueNiQAHYLo0EKUjIgoZmnxjFQ\/viewform?edit_requested=true\" style=\"background:linear-gradient(135deg,rgb(141,141,141) 0%,rgb(254,45,45) 40%,rgb(107,0,62) 100%)\" target=\"_blank\" rel=\"noreferrer noopener\"><strong>Formulario de inscripci\u00f3n<\/strong><\/a><\/div>\n<\/div>\n\n\n\n<p><\/p>\n\n\n\n<p>La recepci\u00f3 de les sol\u00b7licituds i de les propostes s&#8217;obrir\u00e0 l&#8217;endem\u00e0 de la publicaci\u00f3 d&#8217;aquestes bases i acabar\u00e0 el dia 29 de febrer de 2024 a les 23.59 hores. Els interessats disposaran de les bases a la p\u00e0gina web del Teatre Principal: <a href=\"https:\/\/www.teatroprincipaldealicante.com\/val\/\" target=\"_blank\" rel=\"noreferrer noopener\">www.teatroprincipaldealicante.com<\/a><\/p>\n\n\n\n<ul class=\"wp-block-list\">\n<li><strong>VUITENA<\/strong><\/li>\n<\/ul>\n\n\n\n<p>La resoluci\u00f3 daquesta convocat\u00f2ria no ser\u00e0 posterior al 31 de mar\u00e7 de 2025 i es far\u00e0 p\u00fablica als mitjans de comunicaci\u00f3, aix\u00ed com a la web i altres xarxes de difusi\u00f3 del Teatre Principal dAlacant. La convocat\u00f2ria podr\u00e0 quedar deserta si aix\u00ed ho considera la comissi\u00f3.<\/p>\n\n\n\n<ul class=\"wp-block-list\">\n<li><strong>NOVENA<\/strong><\/li>\n<\/ul>\n\n\n\n<p>La companyia o productor seleccionat podr\u00e0 fer els assajos a la Sala N\u00faria Espert del Teatre Principal d&#8217;Alacant en horari a pactar entre el teatre i la companyia, durant 8 setmanes entre els mesos de juliol, agost i setembre. L&#8217;estrena tindr\u00e0 lloc el divendres 26 de setembre del 2025 al Teatre Principal d&#8217;Alacant. L&#8217;estrena suposar\u00e0 el pagament del caixet de la funci\u00f3 programada. A m\u00e9s, s&#8217;atorgar\u00e0 un incentiu a la producci\u00f3 amb un import m\u00e0xim de 5.500\u20ac (cinc mil cinc-cents euros). Aquesta quantitat ser\u00e0 fixada pel comit\u00e8 depenent de la proposta de projecte presentada. La companyia podr\u00e0 fer la gira segons el seu inter\u00e8s i tindr\u00e0 l&#8217;obligaci\u00f3 de consignar en cartell i programa el lema VIII Programa de Resid\u00e8ncies Jos\u00e9 Estruch Teatre Principal d&#8217;Alacant\u201d. El Teatre Principal no demanar\u00e0 cap compensaci\u00f3 econ\u00f2mica de la gira de la companyia.<\/p>\n\n\n\n<ul class=\"wp-block-list\">\n<li><strong>DESENA<\/strong><\/li>\n<\/ul>\n\n\n\n<p>La participaci\u00f3 en aquesta convocat\u00f2ria implica la total acceptaci\u00f3 de les bases.<\/p>\n\n\n\n<p><\/p>\n","protected":false},"excerpt":{"rendered":"<p>El Teatre Principal d&#8217;Alacant, amb la finalitat del foment de la producci\u00f3 teatral alacantina, convoca la VIII Resid\u00e8ncia de Producci\u00f3 Teatral Jos\u00e9 Estruch per a companyies de la prov\u00edncia d&#8217;Alacant. El programa consistir\u00e0 en la selecci\u00f3 d&#8217;un projecte teatral que tindr\u00e0 lloc de resid\u00e8ncia al Teatre Principal (Sala N\u00faria Espert) i s&#8217;estrenar\u00e0 al Teatre Principal [&hellip;]<\/p>\n","protected":false},"author":2,"featured_media":0,"parent":0,"menu_order":0,"comment_status":"closed","ping_status":"closed","template":"","meta":{"footnotes":""},"class_list":["post-9437","page","type-page","status-publish","hentry"],"_links":{"self":[{"href":"https:\/\/www.teatroprincipaldealicante.com\/val\/wp-json\/wp\/v2\/pages\/9437","targetHints":{"allow":["GET"]}}],"collection":[{"href":"https:\/\/www.teatroprincipaldealicante.com\/val\/wp-json\/wp\/v2\/pages"}],"about":[{"href":"https:\/\/www.teatroprincipaldealicante.com\/val\/wp-json\/wp\/v2\/types\/page"}],"author":[{"embeddable":true,"href":"https:\/\/www.teatroprincipaldealicante.com\/val\/wp-json\/wp\/v2\/users\/2"}],"replies":[{"embeddable":true,"href":"https:\/\/www.teatroprincipaldealicante.com\/val\/wp-json\/wp\/v2\/comments?post=9437"}],"version-history":[{"count":5,"href":"https:\/\/www.teatroprincipaldealicante.com\/val\/wp-json\/wp\/v2\/pages\/9437\/revisions"}],"predecessor-version":[{"id":17376,"href":"https:\/\/www.teatroprincipaldealicante.com\/val\/wp-json\/wp\/v2\/pages\/9437\/revisions\/17376"}],"wp:attachment":[{"href":"https:\/\/www.teatroprincipaldealicante.com\/val\/wp-json\/wp\/v2\/media?parent=9437"}],"curies":[{"name":"wp","href":"https:\/\/api.w.org\/{rel}","templated":true}]}}